{"id":1772,"date":"2021-03-01T15:26:28","date_gmt":"2021-03-01T15:26:28","guid":{"rendered":"https:\/\/intenalco.edu.co\/portal\/?page_id=1772"},"modified":"2025-11-03T04:57:54","modified_gmt":"2025-11-03T04:57:54","slug":"faqsmenu","status":"publish","type":"page","link":"https:\/\/intenalco.edu.co\/portal\/faqsmenu\/","title":{"rendered":"FAQSMENU"},"content":{"rendered":"<div id=\"pauDonde\"><a href=\"https:\/\/intenalco.edu.co\/portal\">Inicio<\/a> &raquo; <span class=\"current\">P\u00e1gina<\/span><\/div> <br> \t\t<div data-elementor-type=\"wp-page\" data-elementor-id=\"1772\" class=\"elementor elementor-1772\" data-elementor-settings=\"[]\">\n\t\t\t\t\t\t<div class=\"elementor-inner\">\n\t\t\t\t\t\t\t<div class=\"elementor-section-wrap\">\n\t\t\t\t\t\t\t<section class=\"elementor-section elementor-top-section elementor-element elementor-element-66e8ece elementor-section-boxed elementor-section-height-default elementor-section-height-default\" data-id=\"66e8ece\" data-element_type=\"section\">\n\t\t\t\t\t\t<div class=\"elementor-container elementor-column-gap-default\">\n\t\t\t\t\t\t\t<div class=\"elementor-row\">\n\t\t\t\t\t<div class=\"elementor-column elementor-col-100 elementor-top-column elementor-element elementor-element-d95060e\" data-id=\"d95060e\" data-element_type=\"column\">\n\t\t\t<div class=\"elementor-column-wrap elementor-element-populated\">\n\t\t\t\t\t\t\t<div class=\"elementor-widget-wrap\">\n\t\t\t\t\t\t<div class=\"elementor-element elementor-element-3d3bbc5 elementor-widget elementor-widget-image\" data-id=\"3d3bbc5\" data-element_type=\"widget\" data-widget_type=\"image.default\">\n\t\t\t\t<div class=\"elementor-widget-container\">\n\t\t\t\t\t<div class=\"elementor-image\">\n\t\t\t\t\t\t\t\t\t\t<img width=\"911\" height=\"167\" src=\"https:\/\/intenalco.edu.co\/portal\/wp-content\/uploads\/2025\/11\/banner-preguntas-frecunetes.png\" class=\"attachment-large size-large\" alt=\"\" loading=\"lazy\" srcset=\"https:\/\/intenalco.edu.co\/portal\/wp-content\/uploads\/2025\/11\/banner-preguntas-frecunetes.png 911w, https:\/\/intenalco.edu.co\/portal\/wp-content\/uploads\/2025\/11\/banner-preguntas-frecunetes-300x55.png 300w, https:\/\/intenalco.edu.co\/portal\/wp-content\/uploads\/2025\/11\/banner-preguntas-frecunetes-768x141.png 768w\" sizes=\"(max-width: 911px) 100vw, 911px\" \/>\t\t\t\t\t\t\t\t\t\t\t<\/div>\n\t\t\t\t<\/div>\n\t\t\t\t<\/div>\n\t\t\t\t<div class=\"elementor-element elementor-element-e6d544b elementor-widget elementor-widget-heading\" data-id=\"e6d544b\" data-element_type=\"widget\" data-widget_type=\"heading.default\">\n\t\t\t\t<div class=\"elementor-widget-container\">\n\t\t\t<h2 class=\"elementor-heading-title elementor-size-default\">Preguntas Frecuentes<\/h2>\t\t<\/div>\n\t\t\t\t<\/div>\n\t\t\t\t\t\t<\/div>\n\t\t\t\t\t<\/div>\n\t\t<\/div>\n\t\t\t\t\t\t\t\t<\/div>\n\t\t\t\t\t<\/div>\n\t\t<\/section>\n\t\t\t\t<section class=\"elementor-section elementor-top-section elementor-element elementor-element-22b0663 elementor-section-boxed elementor-section-height-default elementor-section-height-default\" data-id=\"22b0663\" data-element_type=\"section\">\n\t\t\t\t\t\t<div class=\"elementor-container elementor-column-gap-default\">\n\t\t\t\t\t\t\t<div class=\"elementor-row\">\n\t\t\t\t\t<div class=\"elementor-column elementor-col-100 elementor-top-column elementor-element elementor-element-cef0aa1\" data-id=\"cef0aa1\" data-element_type=\"column\">\n\t\t\t<div class=\"elementor-column-wrap elementor-element-populated\">\n\t\t\t\t\t\t\t<div class=\"elementor-widget-wrap\">\n\t\t\t\t\t\t<div class=\"elementor-element elementor-element-5a9d576 elementor-widget elementor-widget-text-editor\" data-id=\"5a9d576\" data-element_type=\"widget\" data-widget_type=\"text-editor.default\">\n\t\t\t\t<div class=\"elementor-widget-container\">\n\t\t\t\t\t<div class=\"elementor-text-editor elementor-clearfix\"><p>El t\u00e9rmino preguntas frecuentes o preguntas m\u00e1s frecuentes (FAQ, acr\u00f3nimo del ingl\u00e9s Frequently Asked Questions), se refiere a una lista de preguntas y respuestas que surgen frecuentemente dentro de un determinado contexto y para un tema en particular. En nuestro caso, las preguntas frecuentes est\u00e1n distribuidas de acuerdo a los procesos misionales.<\/p><\/div>\n\t\t\t\t<\/div>\n\t\t\t\t<\/div>\n\t\t\t\t\t\t<\/div>\n\t\t\t\t\t<\/div>\n\t\t<\/div>\n\t\t\t\t\t\t\t\t<\/div>\n\t\t\t\t\t<\/div>\n\t\t<\/section>\n\t\t\t\t<section class=\"elementor-section elementor-top-section elementor-element elementor-element-a08f770 elementor-section-boxed elementor-section-height-default elementor-section-height-default\" data-id=\"a08f770\" data-element_type=\"section\">\n\t\t\t\t\t\t<div class=\"elementor-container elementor-column-gap-default\">\n\t\t\t\t\t\t\t<div class=\"elementor-row\">\n\t\t\t\t\t<div class=\"elementor-column elementor-col-100 elementor-top-column elementor-element elementor-element-f599a3f\" data-id=\"f599a3f\" data-element_type=\"column\">\n\t\t\t<div class=\"elementor-column-wrap elementor-element-populated\">\n\t\t\t\t\t\t\t<div class=\"elementor-widget-wrap\">\n\t\t\t\t\t\t<div class=\"elementor-element elementor-element-4e328c3 elementor-tabs-view-horizontal elementor-widget elementor-widget-tabs\" data-id=\"4e328c3\" data-element_type=\"widget\" data-widget_type=\"tabs.default\">\n\t\t\t\t<div class=\"elementor-widget-container\">\n\t\t\t\t\t<div class=\"elementor-tabs\" role=\"tablist\">\n\t\t\t<div class=\"elementor-tabs-wrapper\">\n\t\t\t\t\t\t\t\t\t<div id=\"elementor-tab-title-8191\" class=\"elementor-tab-title elementor-tab-desktop-title\" data-tab=\"1\" role=\"tab\" aria-controls=\"elementor-tab-content-8191\"><a href=\"\">Archivo<\/a><\/div>\n\t\t\t\t\t\t\t\t\t<div id=\"elementor-tab-title-8192\" class=\"elementor-tab-title elementor-tab-desktop-title\" data-tab=\"2\" role=\"tab\" aria-controls=\"elementor-tab-content-8192\"><a href=\"\">Bienestar Universitario<\/a><\/div>\n\t\t\t\t\t\t\t\t\t<div id=\"elementor-tab-title-8193\" class=\"elementor-tab-title elementor-tab-desktop-title\" data-tab=\"3\" role=\"tab\" aria-controls=\"elementor-tab-content-8193\"><a href=\"\">Control Interno<\/a><\/div>\n\t\t\t\t\t\t\t\t\t<div id=\"elementor-tab-title-8194\" class=\"elementor-tab-title elementor-tab-desktop-title\" data-tab=\"4\" role=\"tab\" aria-controls=\"elementor-tab-content-8194\"><a href=\"\">Gesti\u00f3n Acad\u00e9mica<\/a><\/div>\n\t\t\t\t\t\t\t\t\t<div id=\"elementor-tab-title-8195\" class=\"elementor-tab-title elementor-tab-desktop-title\" data-tab=\"5\" role=\"tab\" aria-controls=\"elementor-tab-content-8195\"><a href=\"\">Gesti\u00f3n de Investigaci\u00f3n<\/a><\/div>\n\t\t\t\t\t\t\t\t\t<div id=\"elementor-tab-title-8196\" class=\"elementor-tab-title elementor-tab-desktop-title\" data-tab=\"6\" role=\"tab\" aria-controls=\"elementor-tab-content-8196\"><a href=\"\">Gesti\u00f3n de Talento Humano<\/a><\/div>\n\t\t\t\t\t\t\t<\/div>\n\t\t\t<div class=\"elementor-tabs-content-wrapper\">\n\t\t\t\t\t\t\t\t\t<div class=\"elementor-tab-title elementor-tab-mobile-title\" data-tab=\"1\" role=\"tab\">Archivo<\/div>\n\t\t\t\t\t<div id=\"elementor-tab-content-8191\" class=\"elementor-tab-content elementor-clearfix\" data-tab=\"1\" role=\"tabpanel\" aria-labelledby=\"elementor-tab-title-8191\"><table style=\"font-size: 13px; font-style: normal; font-weight: 400; margin-bottom: 0px; width: 946px; color: #828282; font-family: Tahoma, Geneva, sans-serif;\" border=\"0\" width=\"600\" align=\"center\"><tbody style=\"font-size: 13px;\"><tr style=\"font-size: 13px;\"><th style=\"font-size: 13px; padding: 0px;\" colspan=\"2\" scope=\"col\"><p class=\"Estilo19\" style=\"font-size: 24px; margin-bottom: 0px; color: #61945f; text-align: left;\">Archivo<\/p><div><table border=\"0\" width=\"600\" align=\"center\"><tbody><tr><td width=\"22\"><div align=\"center\"><span class=\"Estilo22\">1.<\/span><\/div><\/td><td width=\"561\"><span class=\"Estilo2\">\u00bfCu\u00e1l es el concepto del Archivo General de la Naci\u00f3n sobre la radicaci\u00f3n de las comunicaciones oficiales por correo electr\u00f3nico?<\/span><\/td><\/tr><tr><td class=\"Estilo2\" colspan=\"2\"><div align=\"justify\">El art\u00edculo 13 del Acuerdo 060 de 2001 se\u00f1ala \u00abLas entidades que dispongan de internet y servicios de xorreo electr\u00f3nico, reglamentar\u00e1n su utilizaci\u00f3n y asignar\u00e1n responsabilidades de acuerdo con la cantidad de cuentas habilitadas, las unidades de correspondencia tendr\u00e1n control de las mismas\u00bb, realizado el seguimiento a las comunicaciones enviadas y recibidas, se deben radicar aquellas contempladas en la TRD y las que desarrollen un tr\u00e1mite. En caso de que la entidad no cuente con herramientas y tecnolog\u00edas que faciliten el manejo de las comunicaciones por correo electr\u00f3nico, de ser necesario deber\u00e1n imprimirlas para ser integradas a las series radicadas en la Ventanilla \u00danica Documental.<\/div><div align=\"justify\">\u00a0<\/div><\/td><\/tr><tr><td colspan=\"2\">\u00a0<\/td><\/tr><tr><td><div align=\"center\"><span class=\"Estilo22\">2.<\/span><\/div><\/td><td><span class=\"Estilo2\">\u00bfQue son comunicaciones oficiales?<\/span><\/td><\/tr><tr><td class=\"Estilo2\" colspan=\"2\">Son todas aquellas recibidas o producidas en desarrollo de las funciones asignadas legalmente a una entidad independientemente del medio utilizado.<\/td><\/tr><tr><td colspan=\"2\">\u00a0<\/td><\/tr><tr><td><div align=\"center\"><span class=\"Estilo22\">3.<\/span><\/div><\/td><td><span class=\"Estilo2\">\u00bfA que hace referencia el termino correspondencia?<\/span><\/td><\/tr><tr><td colspan=\"2\"><div class=\"Estilo2\" align=\"justify\">A todas las comunicaciones de car\u00e1cter privado que llegan a las entidades a t\u00edtulo personal, citando el nombre o el cargo del funcionario, esta no genera tr\u00e1mites para la entidad.<\/div><\/td><\/tr><tr><td colspan=\"2\"><div align=\"center\">\u00a0<\/div><\/td><\/tr><tr><td><div align=\"center\"><span class=\"Estilo22\">4.<\/span><\/div><\/td><td><span class=\"Estilo2\">\u00bfQu\u00e9 es un documento electr\u00f3nico?<\/span><\/td><\/tr><tr><td colspan=\"2\"><span class=\"Estilo2\">Es el registro de informaci\u00f3n general recibida, almacenada y comunicada por medios electr\u00f3nicos, que permanece en este medio durante su ciclo vital, es producida por una persona o entidad en raz\u00f3n de sus actividades y debe ser tratada conforme a los principios y procesos archiv\u00edsticos.<\/span><\/td><\/tr><tr><td colspan=\"2\">\u00a0<\/td><\/tr><tr><td><div align=\"center\"><span class=\"Estilo22\">5.<\/span><\/div><\/td><td><span class=\"Estilo2\">\u00bfQu\u00e9 es un programa de gesti\u00f3n documental?<\/span><\/td><\/tr><tr><td class=\"Estilo2\" colspan=\"2\"><div align=\"justify\">Conjunto de actividades administrativas y t\u00e9cnicas tendientes a la planificaci\u00f3n, manejo y organizaci\u00f3n de la documentaci\u00f3n producida y recibida por las entidades desde su origen hasta su destino final, con el objeto de facilitar su utilizaci\u00f3n y conservaci\u00f3n, est\u00e1 compuesto por 8 pasos:<\/div><\/td><\/tr><\/tbody><\/table><\/div><\/th><\/tr><\/tbody><\/table><\/div>\n\t\t\t\t\t\t\t\t\t<div class=\"elementor-tab-title elementor-tab-mobile-title\" data-tab=\"2\" role=\"tab\">Bienestar Universitario<\/div>\n\t\t\t\t\t<div id=\"elementor-tab-content-8192\" class=\"elementor-tab-content elementor-clearfix\" data-tab=\"2\" role=\"tabpanel\" aria-labelledby=\"elementor-tab-title-8192\"><table style=\"margin-bottom: 0px; color: #828282; font-family: Tahoma, Geneva, sans-serif; font-size: 13px; font-style: normal; font-weight: 400; background-color: #;\" border=\"0\" width=\"600\" align=\"center\"><tbody><tr><th style=\"padding: 0px;\" colspan=\"2\" scope=\"col\"><p class=\"Estilo19\" style=\"margin-bottom: 0px; color: #61945f; font-size: 24px; text-align: left;\">Bienestar Universitario<\/p><\/th><\/tr><\/tbody><\/table><table border=\"0\" width=\"600\" align=\"center\"><tbody><tr><td width=\"22\"><div align=\"center\"><span class=\"Estilo23\">1.<\/span><\/div><\/td><td width=\"561\"><span class=\"Estilo2\">Que es y que hace Bienestar Universitario?<\/span><\/td><\/tr><tr><td colspan=\"2\"><div align=\"justify\"><span class=\"Estilo2\">Como proceso misional y transversal dentro de la instituci\u00f3n y con miras a la formaci\u00f3n del \u00abSer Integral\u00bb, crear las pol\u00edticas, generar estrategias y emprender acciones complementarias a la academia y a la investigaci\u00f3n, a trav\u00e9s de tres pol\u00edticas:<\/span><\/div><\/td><\/tr><tr><td><ul><li class=\"Estilo2\"><div align=\"center\">\u00a0<\/div><\/li><\/ul><\/td><td><span class=\"Estilo2\">Desarrollo humano<\/span><\/td><\/tr><tr><td><ul><li class=\"Estilo2\"><div align=\"center\">\u00a0<\/div><\/li><\/ul><\/td><td><span class=\"Estilo2\">Salud integral<\/span><\/td><\/tr><tr><td><ul><li class=\"Estilo2\"><div align=\"center\">\u00a0<\/div><\/li><\/ul><\/td><td><span class=\"Estilo2\">Integraci\u00f3n con la sociedad<\/span><\/td><\/tr><tr><td colspan=\"2\">\u00a0<\/td><\/tr><tr><td><div align=\"center\"><span class=\"Estilo23\">2.<\/span><\/div><\/td><td><span class=\"Estilo2\">Cu\u00e1les son las pol\u00edticas de Bienestar Universitario?<\/span><\/td><\/tr><tr><td><ul><li class=\"Estilo2\"><div align=\"center\">\u00a0<\/div><\/li><\/ul><\/td><td><div align=\"justify\"><span class=\"Estilo2\">Pol\u00edtica de Desarrollo humano: Las acciones de BU en el \u00e1rea de desarrollo humano deben facilitar en cada persona el mejor conocimiento de s\u00ed mismo y de los dem\u00e1s miembros de la comunidad, fomentar su capacidad de relacionarse y comunicarse; desarrollar el sentido de pertenencia y compromiso individual con la instituci\u00f3n y fortalecer las relaciones humanas dentro de ells para lograr una verdadera integraci\u00f3n que redunde en beneficio del entorno social. A trav\u00e9s de actividades de capacitaci\u00f3n, el relacionamiento con el medio ambiente, el arte, la cultura y el deporte.<\/span><\/div><\/td><\/tr><tr><td><ul><li class=\"Estilo2\"><div align=\"center\">\u00a0<\/div><\/li><\/ul><\/td><td><div align=\"justify\"><span class=\"Estilo2\">Pol\u00edtica de Salud integral: Las acciones de BU en el \u00e1rea de salud, procuran el mejoramiento permanente de las condiciones f\u00edsicas y ps\u00edquicas de los miembros de la comunidad Intenalquina, a trav\u00e9s de los servicios de consulta m\u00e9dica, odontol\u00f3gica, psicol\u00f3gica y espiritual.<\/span><\/div><\/td><\/tr><tr><td><ul><li class=\"Estilo2\"><div align=\"center\">\u00a0<\/div><\/li><\/ul><\/td><td><div align=\"justify\"><span class=\"Estilo2\">Pol\u00edtica de Integraci\u00f3n con la Sociedad: Las acciones de BU que implica la relaci\u00f3n con el sector productivo a trav\u00e9s de la Bolsa de Empleo (Estudiantes y Egresados) y los Contratos de Aprendizaje con los estudiantes de la instituci\u00f3n, tambi\u00e9n se coordinan las actividades de los Egresados, manejo de proyectos de asociaci\u00f3n para fines espec\u00edficos, en si, toda la formulaci\u00f3n de actividades relacionadas con ellos.<\/span><\/div><\/td><\/tr><tr><td colspan=\"2\">\u00a0<\/td><\/tr><tr><td><div align=\"center\"><span class=\"Estilo21\">3.<\/span><\/div><\/td><td><span class=\"Estilo2\">Cu\u00e1les son los usuarios de los servicios y actividades de Bienestar Universitario?<\/span><\/td><\/tr><tr><td colspan=\"2\"><div class=\"Estilo2\" align=\"justify\">Son los usuarios de los servicios y actividades que ofrece el Proceso de BU:<\/div><\/td><\/tr><tr><td><div align=\"center\"><span class=\"Estilo2\">a.<\/span><\/div><\/td><td><span class=\"Estilo2\">Los profesores<\/span><\/td><\/tr><tr><td><div align=\"center\"><span class=\"Estilo2\">b.<\/span><\/div><\/td><td><span class=\"Estilo2\">Los estudiantes activos de pregrado, extensi\u00f3n y Educaci\u00f3n para el Trabajo y Desarrollo Humano en la modalidad presencial<\/span><\/td><\/tr><tr><td><div align=\"center\"><span class=\"Estilo2\">c.<\/span><\/div><\/td><td><span class=\"Estilo2\">Los empleados y excepcionalmente su n\u00facleo familiar<\/span><\/td><\/tr><tr><td><div align=\"center\"><span class=\"Estilo2\">d.<\/span><\/div><\/td><td><span class=\"Estilo2\">Dem\u00e1s servidores p\u00fablicos acorde con la ley<\/span><\/td><\/tr><tr><td><div align=\"center\"><span class=\"Estilo2\">e.<\/span><\/div><\/td><td><span class=\"Estilo2\">Los egresados<\/span><\/td><\/tr><tr><td colspan=\"2\">\u00a0<\/td><\/tr><tr><td><div align=\"center\"><span class=\"Estilo23\">4.<\/span><\/div><\/td><td><span class=\"Estilo2\">Los servicios y actividades de Bienestar Universitario son gratuitos?<\/span><\/td><\/tr><tr><td colspan=\"2\"><span class=\"Estilo2\">Las clases en las diferentes expresiones culturales y los servicios de salud, est\u00e1n incluidos en la matr\u00edcula acad\u00e9mica y financiera.<\/span><\/td><\/tr><\/tbody><\/table><\/div>\n\t\t\t\t\t\t\t\t\t<div class=\"elementor-tab-title elementor-tab-mobile-title\" data-tab=\"3\" role=\"tab\">Control Interno<\/div>\n\t\t\t\t\t<div id=\"elementor-tab-content-8193\" class=\"elementor-tab-content elementor-clearfix\" data-tab=\"3\" role=\"tabpanel\" aria-labelledby=\"elementor-tab-title-8193\">&nbsp;\n\n<center><\/center>&nbsp;\n\n<span style=\"color: #61945f; font-family: Tahoma, Geneva, sans-serif; font-size: 24px; font-style: normal; font-weight: bold; text-align: center; background-color: #;\">Control Interno<\/span>\n<table border=\"0\" width=\"600\" align=\"center\">\n<tbody>\n<tr>\n<td width=\"22\">\n<div align=\"center\"><span class=\"Estilo23\">1.<\/span><\/div><\/td>\n<td width=\"561\"><span class=\"Estilo2\">Qu\u00e9 es el Control Interno?<\/span><\/td>\n<\/tr>\n<tr>\n<td colspan=\"2\">\n<div align=\"justify\"><span class=\"Estilo2\">Es el sistema integrado por el esquema de organizaci\u00f3n y el conjunto de los planes, m\u00e9todos, principios, normas, procedimientos y mecanismos de verificaci\u00f3n y evaluaci\u00f3n adoptados por una entidad, con el fin de procurar que todas las actividades, operaciones y actuaciones, as\u00ed como la administraci\u00f3n de la informaci\u00f3n y los recursos, se realicen de acuerdo con las normas constitucionales y legales vigentes dentro de las pol\u00edticas trazadas por la direcci\u00f3n y en atenci\u00f3n a las metas u objetivos previstos..<\/span><\/div><\/td>\n<\/tr>\n<tr>\n<td colspan=\"2\"><\/td>\n<\/tr>\n<tr>\n<td>\n<div align=\"center\">\n<div align=\"center\"><span class=\"Estilo23\">2.<\/span><\/div>\n<\/div><\/td>\n<td><span class=\"Estilo2\">Qu\u00e9 significa MECI?<\/span><\/td>\n<\/tr>\n<tr>\n<td class=\"Estilo2\" colspan=\"2\">\n<div align=\"justify\">Modelo Estandar de Control Interno, que permite el dise\u00f1o, desarrollo y operaci\u00f3n del Sistema de Control Interno en las entidades del estado; es una herramienta que permite el proceso de gesti\u00f3n.<\/div><\/td>\n<\/tr>\n<tr>\n<td colspan=\"2\"><\/td>\n<\/tr>\n<tr>\n<td>\n<div align=\"center\">\n<div align=\"center\"><span class=\"Estilo23\">3.<\/span><\/div>\n<\/div><\/td>\n<td><span class=\"Estilo2\">Cuales son las funciones de la oficina de control interno?<\/span><\/td>\n<\/tr>\n<tr>\n<td class=\"Estilo2\" colspan=\"2\">\n<div align=\"justify\">De acuerdo a la Ley 87 de 1993, soln funciones de Control Interno las siguientes:<\/div><\/td>\n<\/tr>\n<tr>\n<td>\n<div align=\"center\">\n<div align=\"center\"><span class=\"Estilo2\">a.<\/span><\/div>\n<\/div><\/td>\n<td><span class=\"Estilo2\">Planear, dirigir y organizar la verificaci\u00f3n y evaluaci\u00f3n del Sistema de Control Interno.<\/span><\/td>\n<\/tr>\n<tr>\n<td>\n<div align=\"center\">\n<div align=\"center\"><span class=\"Estilo2\">b.<\/span><\/div>\n<\/div><\/td>\n<td>\n<div align=\"justify\"><span class=\"Estilo2\">Verificar que el Sistema de Control Interno est\u00e9 formalmente establecido dentro de la organizaci\u00f3n y que su ejercicio sea intr\u00ednseco al desarrollo de las funciones de todos los cargos y en particular, de aquellos que tengan responsabilidad de mando.<\/span><\/div><\/td>\n<\/tr>\n<tr>\n<td>\n<div align=\"center\">\n<div align=\"center\"><span class=\"Estilo2\">c.<\/span><\/div>\n<\/div><\/td>\n<td><span class=\"Estilo2\">Verificar que los controles definidos para los procesos y actividades de la organizaci\u00f3n, se cumplan por los responsables de su ejecuci\u00f3n y en especial, que las \u00e1reas o empleados encargados de la aplicaci\u00f3n del r\u00e9gimen disciplinario ejerzan adecuadamenteesta funci\u00f3n .<\/span><\/td>\n<\/tr>\n<tr>\n<td>\n<div align=\"center\">\n<div align=\"center\"><span class=\"Estilo2\">d.<\/span><\/div>\n<\/div><\/td>\n<td>\n<div align=\"justify\"><span class=\"Estilo2\">Verificar que los controles asociados con todas y cada una de las actividades de la organizaci\u00f3n, est\u00e9n adecuadamente definidos, sean apropiados y se mejoren permanentemente, de acuerdo con la evoluci\u00f3n de la entidad.<\/span><\/div><\/td>\n<\/tr>\n<tr>\n<td>\n<div align=\"center\">\n<div align=\"center\"><span class=\"Estilo2\">e.<\/span><\/div>\n<\/div><\/td>\n<td>\n<div align=\"justify\"><span class=\"Estilo2\">Velar por el cumplimiento de las leyes, normas, pol\u00edticas, procedimientos, planes, programas, proyectos y metas de la organizaci\u00f3n y recomendar los ajustes necesarios.<\/span><\/div><\/td>\n<\/tr>\n<tr>\n<td>\n<div align=\"center\">\n<div align=\"center\"><span class=\"Estilo2\">f.<\/span><\/div>\n<\/div><\/td>\n<td>\n<div align=\"justify\"><span class=\"Estilo2\">Servir de apoyo a los directivos en el proceso de toma de decisiones, a fin que se obtengan los resultados esperados.<\/span><\/div><\/td>\n<\/tr>\n<tr>\n<td>\n<div align=\"center\">\n<div align=\"center\"><span class=\"Estilo2\">g.<\/span><\/div>\n<\/div><\/td>\n<td>\n<div align=\"justify\"><span class=\"Estilo2\">Verificar los procesos relacionados con el manejo de los recursos, bienes y los sistemas de informaci\u00f3n de la entidad y recomendar los correctivos necesarios.<\/span><\/div><\/td>\n<\/tr>\n<tr>\n<td>\n<div align=\"center\">\n<div align=\"center\"><span class=\"Estilo2\">h.<\/span><\/div>\n<\/div><\/td>\n<td>\n<div align=\"justify\"><span class=\"Estilo2\">Fomentar en toda la organizaci\u00f3n la formaci\u00f3n de una cultura de control que contribuya al mejoramiento continuo en el cumplimiento de la misi\u00f3n institucional.<\/span><\/div><\/td>\n<\/tr>\n<tr>\n<td>\n<div align=\"center\">\n<div align=\"center\"><span class=\"Estilo2\">i.<\/span><\/div>\n<\/div><\/td>\n<td>\n<div align=\"justify\"><span class=\"Estilo2\">Evaluar y verificar la aplicaci\u00f3n de los mecanismos de participaci\u00f3n ciudadana, que en desarrollo del mandato constitucional y legal, dise\u00f1e la entidad correspondiente.<\/span><\/div><\/td>\n<\/tr>\n<tr>\n<td>\n<div align=\"center\">\n<div align=\"center\"><span class=\"Estilo2\">j.<\/span><\/div>\n<\/div><\/td>\n<td>\n<div align=\"justify\"><span class=\"Estilo2\">Mantener permanentemente informados a los directivos acerca del estado del control interno dentro de la entidad, dando cuenta de las debilidades detectadas y de las fallasen su cumplimiento.<\/span><\/div><\/td>\n<\/tr>\n<\/tbody>\n<\/table>\n<p align=\"center\"><\/p><\/div>\n\t\t\t\t\t\t\t\t\t<div class=\"elementor-tab-title elementor-tab-mobile-title\" data-tab=\"4\" role=\"tab\">Gesti\u00f3n Acad\u00e9mica<\/div>\n\t\t\t\t\t<div id=\"elementor-tab-content-8194\" class=\"elementor-tab-content elementor-clearfix\" data-tab=\"4\" role=\"tabpanel\" aria-labelledby=\"elementor-tab-title-8194\"><table style=\"margin-bottom: 0px; color: #828282; font-family: Tahoma, Geneva, sans-serif; font-size: 13px; font-style: normal; font-weight: 400; background-color: #;\" border=\"0\" width=\"600\" align=\"center\"><tbody><tr><th style=\"padding: 0px;\" colspan=\"2\" scope=\"col\"><p class=\"Estilo19\" style=\"margin-bottom: 0px; color: #61945f; font-size: 24px;\">Gesti\u00f3n Acad\u00e9mica<\/p><\/th><\/tr><\/tbody><\/table><table border=\"0\" width=\"600\" align=\"center\"><tbody><tr><td width=\"22\"><div align=\"center\"><span class=\"Estilo27\">1.<\/span><\/div><\/td><td width=\"561\"><span class=\"Estilo2\">Cuales son los programas acad\u00e9micos que ofrece Intenalco Educaci\u00f3n Superior?<\/span><\/td><\/tr><tr><td colspan=\"2\"><div align=\"justify\"><span class=\"Estilo2\">Los programas que ofrece a nivel T\u00e9cnico Profesional en, son:<\/span><\/div><\/td><\/tr><tr><td colspan=\"2\"><ul><li><a style=\"font-size: 16px; font-family: inherit; background-color: #ffffff;\" href=\"https:\/\/www.intenalco.edu.co\/programas\/tecnicoprofesionalenoperacionesdecomercioexterior.html\" target=\"_blank\" rel=\"noopener\">Operaciones de Comercio Exterior<\/a><\/li><li><a href=\"https:\/\/www.intenalco.edu.co\/programas\/tecnicoprofesionalenprocesosdemercadeo.html\" target=\"_blank\" rel=\"noopener\">Procesos de Mercadeo<\/a><\/li><li><a href=\"https:\/\/www.intenalco.edu.co\/programas\/tecnicoprofesionalencostosycontabilidad.html\" target=\"_blank\" rel=\"noopener\">Costos y Contabilidad<\/a><\/li><li><a href=\"https:\/\/www.intenalco.edu.co\/programas\/tecnicoprofesionalenprocesosadministrativos.html\" target=\"_blank\" rel=\"noopener\">Procesos Administrativos<\/a><\/li><li><a href=\"https:\/\/www.intenalco.edu.co\/programas\/tecnicoprofesionalenprocesosadministrativosdeseguridadysaludeneltrabajo.html\" target=\"_blank\" rel=\"noopener\">Procesos Administrativos de Seguridad y Salud en el Trabajo<\/a><\/li><\/ul><\/td><\/tr><tr><td colspan=\"2\"><div align=\"justify\"><span class=\"Estilo2\">Programas de Tecnolog\u00eda por Propede\u00fatica:<\/span><\/div><ul><li><a href=\"https:\/\/intenalco.edu.co\/programas\/tecnologiaengestiondemercadeo.html\" target=\"_blank\" rel=\"noopener\">Gesti\u00f3n de Mercadeo<\/a><\/li><li><a href=\"https:\/\/intenalco.edu.co\/programas\/tecnologiaengestiondecomercioexterior.html\" target=\"_blank\" rel=\"noopener\">Gesti\u00f3n de Comercio Exterior<\/a><\/li><li><a href=\"https:\/\/intenalco.edu.co\/programas\/tecnologiaengestioncontableytributaria.html\" target=\"_blank\" rel=\"noopener\">Gesti\u00f3n Contable y Tributaria<\/a><\/li><li><a href=\"https:\/\/intenalco.edu.co\/programas\/tecnologiaengestionempresarial.html\" target=\"_blank\" rel=\"noopener\">Gesti\u00f3n Empresarial<\/a><\/li><\/ul>\u00a0<\/td><\/tr><tr><td colspan=\"2\"><div align=\"justify\"><span class=\"Estilo2\">Programas de Educaci\u00f3n para el Trabajo el Desarrollo Humano. Orientados a la Salud:<\/span><\/div><\/td><\/tr><tr><td colspan=\"2\"><ul><li><a href=\"https:\/\/intenalco.edu.co\/portal\/formacion-trabajo\/#administrativo_salud\" target=\"_blank\" rel=\"noopener\">Auxiliar Administrativo en Salud<\/a><\/li><li><a href=\"https:\/\/intenalco.edu.co\/portal\/formacion-trabajo\/#enfermeria\">Auxiliar en Enfermer\u00eda<\/a><\/li><li><a href=\"https:\/\/intenalco.edu.co\/portal\/formacion-trabajo\/#salud_publica\" target=\"_blank\" rel=\"noopener\">Auxiliar en Salud P\u00fablica<\/a><\/li><li><a href=\"https:\/\/intenalco.edu.co\/portal\/formacion-trabajo\/#salud_oral\" target=\"_blank\" rel=\"noopener\">Auxiliar de Salud Oral<\/a><\/li><li><a href=\"https:\/\/intenalco.edu.co\/portal\/formacion-trabajo\/#farmaceuticos\" target=\"_blank\" rel=\"noopener\">Auxiliar en Servicios Farmac\u00e9uticos<\/a><\/li><\/ul><\/td><\/tr><tr><td colspan=\"2\"><div align=\"justify\"><span class=\"Estilo2\">Programas de Educaci\u00f3n para el Trabajo el Desarrollo Humano. Orientados a otras \u00e1reas:<\/span><\/div><ul><li><a href=\"https:\/\/intenalco.edu.co\/portal\/formacion.trabajo#primera_infancia\" target=\"_blank\" rel=\"noopener\">Auxiliar en Educaci\u00f3n y Primera Infancia<\/a><\/li><li><a href=\"https:\/\/intenalco.edu.co\/portal\/formacion-trabajo\/#transito\" target=\"_blank\" rel=\"noopener\">Tr\u00e1nsito y Transporte<\/a><\/li><\/ul>\u00a0<\/td><\/tr><tr><td><div align=\"center\"><span class=\"Estilo27\">2.<\/span><\/div><\/td><td><span class=\"Estilo2\">Qu\u00e9 duraci\u00f3n tiene cada programa?<\/span><\/td><\/tr><tr><td class=\"Estilo2\" colspan=\"2\"><div align=\"justify\">Los programas t\u00e9cnicos profesionales tienen una duraci\u00f3n de cinco (5) semestres, es decir dos a\u00f1os y medio.<\/div><\/td><\/tr><tr><td class=\"Estilo2\" colspan=\"2\">Los programas de Educaci\u00f3n para el Trabajo y el Desarrollo Humano tienen una duraci\u00f3n de tres (3) semestres, es decir un a\u00f1o y medio.<\/td><\/tr><tr><td colspan=\"2\">\u00a0<\/td><\/tr><tr><td><div align=\"center\"><span class=\"Estilo27\">3.<\/span><\/div><\/td><td><span class=\"Estilo2\">Cu\u00e1l es el costo de inscripci\u00f3n y matricula de cada programa?<\/span><\/td><\/tr><tr><td colspan=\"2\"><div class=\"Estilo2\" align=\"justify\"><p>Siempre en esta misma p\u00e1gina web se actualizan los Derechos Pecuniarios por a\u00f1o.<\/p><p>Lo pueden consultar desde el T\u00edtulo: INFORMACI\u00d3N INSTITUCIONAL (<a href=\"https:\/\/intenalco.edu.co\/portal\/informacion-institucional\/\">menu azul<\/a>) DERECHOS PECUNIARIOS A\u00d1O Correspondiente.<\/p><\/div><\/td><\/tr><tr><th class=\"Estilo7\" colspan=\"2\" scope=\"col\">\u00a0<\/th><\/tr><tr><td><div align=\"center\"><span class=\"Estilo27\">4.<\/span><\/div><\/td><td><span class=\"Estilo2\">\u00bfQu\u00e9 requisitos se exigen para ingresar a los programas formales?<\/span><\/td><\/tr><tr><td colspan=\"2\"><table border=\"1\" width=\"440\" align=\"center\"><tbody><tr><th class=\"Estilo2\" scope=\"col\" width=\"16\"><div align=\"center\">*<\/div><\/th><th class=\"Estilo2\" scope=\"col\" width=\"342\"><div class=\"Estilo26\" align=\"left\">Fotocopia del Diploma de Bachiller (Autenticado)<\/div><\/th><\/tr><tr><th class=\"Estilo2\" scope=\"col\"><div align=\"center\">*<\/div><\/th><th class=\"Estilo2\" scope=\"col\"><div class=\"Estilo26\" align=\"left\">Fotocopia del Acta de Grado de Bachiller (Autenticada)<\/div><\/th><\/tr><tr><th class=\"Estilo2\" scope=\"col\"><div align=\"center\">*<\/div><\/th><th class=\"Estilo2\" scope=\"col\"><div class=\"Estilo26\" align=\"left\">Fotocopia del Documento de Identidad<\/div><\/th><\/tr><tr><th class=\"Estilo2\" scope=\"col\"><div align=\"center\">*<\/div><\/th><th class=\"Estilo2\" scope=\"col\"><div class=\"Estilo26\" align=\"left\">Pruebas del ICFES original<\/div><\/th><\/tr><tr><th class=\"Estilo2\" scope=\"col\"><div align=\"center\">*<\/div><\/th><th class=\"Estilo2\" scope=\"col\"><div class=\"Estilo26\" align=\"left\">Tres (3) fotos tama\u00f1o 3&#215;4 cms.<\/div><\/th><\/tr><tr><th class=\"Estilo2\" scope=\"col\"><div align=\"center\">*<\/div><\/th><th class=\"Estilo2\" scope=\"col\"><div class=\"Estilo26\" align=\"left\">Recibo de pago de la inscripci\u00f3n<\/div><\/th><\/tr><\/tbody><\/table><\/td><\/tr><\/tbody><\/table><\/div>\n\t\t\t\t\t\t\t\t\t<div class=\"elementor-tab-title elementor-tab-mobile-title\" data-tab=\"5\" role=\"tab\">Gesti\u00f3n de Investigaci\u00f3n<\/div>\n\t\t\t\t\t<div id=\"elementor-tab-content-8195\" class=\"elementor-tab-content elementor-clearfix\" data-tab=\"5\" role=\"tabpanel\" aria-labelledby=\"elementor-tab-title-8195\"><p><span style=\"color: #61945f; font-family: Tahoma, Geneva, sans-serif; font-size: 24px; font-style: normal; font-weight: bold; text-align: center; background-color: #;\">Gesti\u00f3n Investigaci\u00f3n<\/span><\/p><table border=\"0\" width=\"600\" align=\"center\"><tbody><tr><td width=\"22\"><div align=\"center\"><span class=\"Estilo29\">1.<\/span><\/div><\/td><td width=\"561\"><span class=\"Estilo2\">Cu\u00e1les son los requisitos para obtener el t\u00edtulo de T\u00e9cnico Profesional?<\/span><\/td><\/tr><tr><td colspan=\"2\"><div align=\"justify\"><span class=\"Estilo2\">Los requisitos para optar el t\u00edtulo de T\u00e9cnico Profesional, son:<\/span><\/div><\/td><\/tr><tr><td><div class=\"Estilo2\" align=\"center\">*<\/div><\/td><td><span class=\"Estilo2\">Haber cursado y aprobado todas las asignaturas del plan de estudios<\/span><\/td><\/tr><tr><td><div class=\"Estilo2\" align=\"center\">*<\/div><\/td><td><span class=\"Estilo2\">Paz y Salvo de Admisi\u00f3n, Registro y Control Acad\u00e9mico<\/span><\/td><\/tr><tr><td><div class=\"Estilo2\" align=\"center\">*<\/div><\/td><td><span class=\"Estilo2\">Trabajo de Grado aprobado<\/span><\/td><\/tr><tr><td><div class=\"Estilo2\" align=\"center\">*<\/div><\/td><td><span class=\"Estilo2\">Paz y Salvo Financiero<\/span><\/td><\/tr><tr><td><div class=\"Estilo2\" align=\"center\">*<\/div><\/td><td><span class=\"Estilo2\">Paz y Salvo de Biblioteca<\/span><\/td><\/tr><tr><td><div class=\"Estilo2\" align=\"center\">*<\/div><\/td><td><span class=\"Estilo2\">Recibo de pago de los Derechos de Grado<\/span><\/td><\/tr><tr><td colspan=\"2\"><div class=\"Estilo2\" align=\"justify\">\u00a0<\/div><\/td><\/tr><tr><td colspan=\"2\">\u00a0<\/td><\/tr><tr><td><div align=\"center\"><span class=\"Estilo29\">2.<\/span><\/div><\/td><td><span class=\"Estilo2\">Cu\u00e1les son las opciones de grado?<\/span><\/td><\/tr><tr><td><div align=\"center\"><span class=\"Estilo2\">*.<\/span><\/div><\/td><td class=\"Estilo2\">Trabajo de grado<\/td><\/tr><tr><td><div align=\"center\"><span class=\"Estilo2\">*.<\/span><\/div><\/td><td><span class=\"Estilo2\">Pasant\u00eda<\/span><\/td><\/tr><tr><td><div align=\"center\"><span class=\"Estilo2\">*.<\/span><\/div><\/td><td><span class=\"Estilo2\">Empresa creada<\/span><\/td><\/tr><tr><td><div align=\"center\"><span class=\"Estilo2\">*.<\/span><\/div><\/td><td><span class=\"Estilo2\">Promedio acad\u00e9mico m\u00ednimo Cuatro punto Cinco (4.5)<\/span><\/td><\/tr><tr><td><div align=\"center\"><span class=\"Estilo2\">*.<\/span><\/div><\/td><td class=\"Estilo2\">Pr\u00e1ctica empresarial<\/td><\/tr><tr><td colspan=\"2\">\u00a0<\/td><\/tr><tr><td><div align=\"center\"><span class=\"Estilo29\">3.<\/span><\/div><\/td><td><span class=\"Estilo2\">Qu\u00e9 funciones cumple el Comit\u00e9 de Investigaciones?<\/span><\/td><\/tr><tr><td colspan=\"2\"><div align=\"justify\"><span class=\"Estilo2\">Es el \u00f3rgano promotor y evaluador de las pol\u00edticas de investigaci\u00f3n y significa el punto de partida para la institucionalizaci\u00f3n del quehacer investigativo en el instituto. Su caracter\u00edstica es la interdisciplinariedad seg\u00fan las l\u00edneas establecidas por los diferentes programas.<\/span><\/div><\/td><\/tr><tr><td><div align=\"center\"><span class=\"Estilo2\">a.<\/span><\/div><\/td><td class=\"Estilo2\">Asesorar al Consejo Acad\u00e9mico en la adopci\u00f3n de pol\u00edticas de investigaci\u00f3n cient\u00edfica y tecnol\u00f3gica.<\/td><\/tr><tr><td><div align=\"center\"><span class=\"Estilo2\">b<\/span><\/div><\/td><td class=\"Estilo2\"><div align=\"justify\">Aprobar los proyectos de investigaci\u00f3n institucionales que se presenten y recomendar la asignaci\u00f3n de recursos para el desarrollo de los mismos.<\/div><\/td><\/tr><tr><td><div align=\"center\"><span class=\"Estilo2\">c.<\/span><\/div><\/td><td class=\"Estilo2\">Proponer de acuerdo a las pol\u00edticas generales del instituto, las normas generales sobre investigaci\u00f3n t\u00e9cnica, tecnol\u00f3gica y cient\u00edfica.<\/td><\/tr><tr><td><div align=\"center\"><span class=\"Estilo2\">d.<\/span><\/div><\/td><td class=\"Estilo2\"><div align=\"justify\">Resolver y prestar asistencia a las distintas dependencias del instituto sobre las consultas que le formulen los diferentes estamentos de la instituci\u00f3n, afines a los objetivos y funciones del comit\u00e9.<\/div><\/td><\/tr><tr><td><div align=\"center\"><span class=\"Estilo2\">e.<\/span><\/div><\/td><td class=\"Estilo2\"><div align=\"justify\">Proponer al Consejo Acad\u00e9mico los criterios y procedimientos sobre la presentaci\u00f3n, aprobaci\u00f3n y publicaci\u00f3n de proyectos de investigaci\u00f3n.<\/div><\/td><\/tr><tr><td><div align=\"center\"><span class=\"Estilo2\">f.<\/span><\/div><\/td><td class=\"Estilo2\"><div align=\"justify\">Efectuar reuniones peri\u00f3dicas ordinarias con los miembros, por lo menos una vez al mes y\/o extraordinarias cuando las necesidades lo requieran.<\/div><\/td><\/tr><tr><td><div align=\"center\"><span class=\"Estilo2\">g.<\/span><\/div><\/td><td class=\"Estilo2\">Las dem\u00e1s que le sean asignadas por el Consejo Directivo, Consejo Acad\u00e9mico y la Rector\u00eda, que correspondan a su naturaleza.<\/td><\/tr><\/tbody><\/table><p><span style=\"color: #61945f; font-family: Tahoma, Geneva, sans-serif; font-size: 24px; font-style: normal; font-weight: bold; text-align: center; background-color: #;\">\u00a0<\/span><\/p><\/div>\n\t\t\t\t\t\t\t\t\t<div class=\"elementor-tab-title elementor-tab-mobile-title\" data-tab=\"6\" role=\"tab\">Gesti\u00f3n de Talento Humano<\/div>\n\t\t\t\t\t<div id=\"elementor-tab-content-8196\" class=\"elementor-tab-content elementor-clearfix\" data-tab=\"6\" role=\"tabpanel\" aria-labelledby=\"elementor-tab-title-8196\"><p><span style=\"color: #61945f; font-family: Tahoma, Geneva, sans-serif; font-size: 24px; font-style: normal; font-weight: bold; text-align: center; background-color: #;\">Gesti\u00f3n del Talento Humano<\/span><\/p><table border=\"0\" width=\"600\" align=\"center\"><tbody><tr><td width=\"22\"><div align=\"center\"><span class=\"Estilo31\">1.<\/span><\/div><\/td><td width=\"561\"><span class=\"Estilo2\">Cuales son las causas por las que se pueden retirar las cesantias consignadas en el FNA?<\/span><\/td><\/tr><tr><td colspan=\"2\"><div align=\"justify\"><span class=\"Estilo2\">Los casos en los cuales se pueden retirar las cesant\u00edas consignadas en el Fondo Nacional del Ahorro, son los siguientes:<\/span><\/div><\/td><\/tr><tr><td><ul><li class=\"Estilo2\"><div align=\"center\"><p>\u00a0<\/p><\/div><\/li><\/ul><\/td><td><div align=\"justify\"><span class=\"Estilo2\">Estando desempleado, para lo cual debe demostrarlo presentando carta de desvinculaci\u00f3n o constancia de retiro.<\/span><\/div><\/td><\/tr><tr><td><ul><li class=\"Estilo2\"><div align=\"center\"><p>\u00a0<\/p><\/div><\/li><\/ul><\/td><td><div align=\"justify\"><span class=\"Estilo2\">Para comprar, mejorar o liberar hipoteca de su vivienda o la del c\u00f3nyuge o compa\u00f1ero permanente.<\/span><\/div><\/td><\/tr><tr><td><ul><li class=\"Estilo2\"><div align=\"center\"><p>\u00a0<\/p><\/div><\/li><\/ul><\/td><td><div align=\"justify\"><span class=\"Estilo2\">Para pagar la matr\u00edcula de la carrera universitaria o posgrado del trabajador, el de su c\u00f3nyuge o compa\u00f1ero permanente o sus hijos.<\/span><\/div><\/td><\/tr><tr><td colspan=\"2\">\u00a0<\/td><\/tr><tr><td><div align=\"center\"><span class=\"Estilo31\">2.<\/span><\/div><\/td><td><span class=\"Estilo2\">Se puede solicitar la licencia o permiso remunerado por la muerte de un familiar?<\/span><\/td><\/tr><tr><td class=\"Estilo2\" colspan=\"2\"><div align=\"justify\">Seg\u00fan la Ley 1280 de 2009, s\u00f3lo en caso de fallecimiento del c\u00f3nyuge del trabajador, su compa\u00f1ero o comap\u00f1era permanente o de un familiar hasta el grado segundo de consanguinidad, primero de afinidad y primero civil, se puede conceder una licencia remunerada por luto de cinco (5) d\u00edas h\u00e1biles. Este hecho deber\u00e1 demostrarse mediante documento expedido por la autoridad competente (certificado de defunci\u00f3n), dentro de los treinta (30) d\u00edas siguientes a su ocurrencia.<\/div><div class=\"Estilo2\" align=\"justify\">\u00a0<\/div><\/td><\/tr><tr><td colspan=\"2\">\u00a0<\/td><\/tr><tr><td><div align=\"center\"><span class=\"Estilo31\">3.<\/span><\/div><\/td><td><span class=\"Estilo2\">Qu\u00e9 es el SUIP?<\/span><\/td><\/tr><tr><td class=\"Estilo2\" colspan=\"2\"><div align=\"justify\"><p>El Departamento Administrativo de la Funci\u00f3n P\u00fablica (DAFP) es el responsable de dise\u00f1ar, dirigir e implementar el Sistema General de Informaci\u00f3n Administrativa; el subsistema de recursos humanos hace parte integrante de este sistema y contiene informaci\u00f3n sobre: n\u00famero de empleados, trabajadores oficiales y contratistas; novedades de ingreso y retiro de personal; carrera a la que pertenecen los empleados, sea esta general, espec\u00edficas \u00f3 especiales; sistemas de bienestar y capacitaci\u00f3n.<\/p><p>El Sistema \u00danico de Informaci\u00f3n de Personal (SUIP), administrado por el DAFP, cumple los prop\u00f3sitos de dicho subsistema. El registro sistematizado de recursos humanos es un sistema de informaci\u00f3n que, al permitir la formulaci\u00f3n de programas internos y toma de decisiones en la materia, requiere de la informaci\u00f3n que se maneja a trav\u00e9s del SUIP; sin embargo, cada entidad puede organizar, sistematizar y actualizar informaci\u00f3n complementaria que considere necesaria para facilitar los procesos de gesti\u00f3n de su talento humano.<\/p><\/div><\/td><\/tr><tr><td class=\"Estilo2\" colspan=\"2\">\u00a0<\/td><\/tr><tr><td><div align=\"center\"><span class=\"Estilo31\">4.<\/span><\/div><\/td><td><span class=\"Estilo2\">Seg\u00fan la Ley 909 de 2004, Qu\u00e9 preferencia tienen los funcionarios de carrera para ocupar cargos vacantes de mayor jerarqu\u00eda para los cuales cumplen los requisitos?<\/span><\/td><\/tr><tr><td class=\"Estilo2\" colspan=\"2\"><div align=\"justify\">De acuerdo a lo establecido en el art\u00edculo 24 de la Ley 909 de 2004, mientras se surte el proceso de selecci\u00f3n y una vez convocado el cargo a concurso, los empleados de carrera tienen derecho a ser encargados si acreditan los requisitos, poseen las aptitudes y habilidades para su desempe\u00f1o, no han sido sancionados disciplinariamente en el \u00faltimo a\u00f1o y su \u00faltima evaluaci\u00f3n del desempe\u00f1o es sobresaliente. El encargo debe recaer en el servidor que se encuentre desempe\u00f1ando el empleo inmediatamente inferior que exista en la planta de personal de la entidad, siempre y cuando re\u00fana las condiciones y requisitos previstos para este. De, no acreditarlos, se deber\u00e1 encargar al empleado que acredit\u00e1ndolos desempe\u00f1e el cargo inmediatamente inferior y as\u00ed sucesivamente.<\/div><\/td><\/tr><\/tbody><\/table><\/div>\n\t\t\t\t\t\t\t<\/div>\n\t\t<\/div>\n\t\t\t\t<\/div>\n\t\t\t\t<\/div>\n\t\t\t\t\t\t<\/div>\n\t\t\t\t\t<\/div>\n\t\t<\/div>\n\t\t\t\t\t\t\t\t<\/div>\n\t\t\t\t\t<\/div>\n\t\t<\/section>\n\t\t\t\t<section class=\"elementor-section elementor-top-section elementor-element elementor-element-0318ccc elementor-section-boxed elementor-section-height-default elementor-section-height-default\" data-id=\"0318ccc\" data-element_type=\"section\">\n\t\t\t\t\t\t<div class=\"elementor-container elementor-column-gap-default\">\n\t\t\t\t\t\t\t<div class=\"elementor-row\">\n\t\t\t\t\t<div class=\"elementor-column elementor-col-100 elementor-top-column elementor-element elementor-element-0a08ab2\" data-id=\"0a08ab2\" data-element_type=\"column\">\n\t\t\t<div class=\"elementor-column-wrap elementor-element-populated\">\n\t\t\t\t\t\t\t<div class=\"elementor-widget-wrap\">\n\t\t\t\t\t\t<div class=\"elementor-element elementor-element-2ab9584 elementor-widget elementor-widget-html\" data-id=\"2ab9584\" data-element_type=\"widget\" data-widget_type=\"html.default\">\n\t\t\t\t<div class=\"elementor-widget-container\">\n\t\t\t<center><input type=\"button\" value=\"Regresar\" onClick=\"history.go(-1);\"><\/center>\t\t<\/div>\n\t\t\t\t<\/div>\n\t\t\t\t\t\t<\/div>\n\t\t\t\t\t<\/div>\n\t\t<\/div>\n\t\t\t\t\t\t\t\t<\/div>\n\t\t\t\t\t<\/div>\n\t\t<\/section>\n\t\t\t\t\t\t<\/div>\n\t\t\t\t\t\t<\/div>\n\t\t\t\t\t<\/div>\n\t\t ","protected":false},"excerpt":{"rendered":"<p>Inicio &raquo; P\u00e1gina Preguntas Frecuentes El t\u00e9rmino preguntas frecuentes o preguntas m\u00e1s frecuentes (FAQ, acr\u00f3nimo del ingl\u00e9s Frequently Asked Questions), se refiere a una lista de preguntas y respuestas que surgen frecuentemente dentro de un determinado contexto y para un tema en particular. En nuestro caso, las preguntas frecuentes est\u00e1n distribuidas de acuerdo a los&#8230;<\/p>\n","protected":false},"author":1,"featured_media":0,"parent":0,"menu_order":0,"comment_status":"closed","ping_status":"closed","template":"","meta":[],"_links":{"self":[{"href":"https:\/\/intenalco.edu.co\/portal\/wp-json\/wp\/v2\/pages\/1772"}],"collection":[{"href":"https:\/\/intenalco.edu.co\/portal\/wp-json\/wp\/v2\/pages"}],"about":[{"href":"https:\/\/intenalco.edu.co\/portal\/wp-json\/wp\/v2\/types\/page"}],"author":[{"embeddable":true,"href":"https:\/\/intenalco.edu.co\/portal\/wp-json\/wp\/v2\/users\/1"}],"replies":[{"embeddable":true,"href":"https:\/\/intenalco.edu.co\/portal\/wp-json\/wp\/v2\/comments?post=1772"}],"version-history":[{"count":82,"href":"https:\/\/intenalco.edu.co\/portal\/wp-json\/wp\/v2\/pages\/1772\/revisions"}],"predecessor-version":[{"id":14897,"href":"https:\/\/intenalco.edu.co\/portal\/wp-json\/wp\/v2\/pages\/1772\/revisions\/14897"}],"wp:attachment":[{"href":"https:\/\/intenalco.edu.co\/portal\/wp-json\/wp\/v2\/media?parent=1772"}],"curies":[{"name":"wp","href":"https:\/\/api.w.org\/{rel}","templated":true}]}}