{"id":743,"date":"2020-12-02T14:52:49","date_gmt":"2020-12-02T14:52:49","guid":{"rendered":"https:\/\/intenalco.edu.co\/portal\/?page_id=743"},"modified":"2026-01-26T11:42:25","modified_gmt":"2026-01-26T11:42:25","slug":"quienes-somos-2","status":"publish","type":"page","link":"https:\/\/intenalco.edu.co\/portal\/quienes-somos-2\/","title":{"rendered":"Quienes Somos"},"content":{"rendered":"<div id=\"pauDonde\"><a href=\"https:\/\/intenalco.edu.co\/portal\">Inicio<\/a> &raquo; <span class=\"current\">P\u00e1gina<\/span><\/div> <br> \t\t<div data-elementor-type=\"wp-page\" data-elementor-id=\"743\" class=\"elementor elementor-743\" data-elementor-settings=\"[]\">\n\t\t\t\t\t\t<div class=\"elementor-inner\">\n\t\t\t\t\t\t\t<div class=\"elementor-section-wrap\">\n\t\t\t\t\t\t\t<section class=\"elementor-section elementor-top-section elementor-element elementor-element-b053398 elementor-section-boxed elementor-section-height-default elementor-section-height-default\" data-id=\"b053398\" data-element_type=\"section\">\n\t\t\t\t\t\t<div class=\"elementor-container elementor-column-gap-default\">\n\t\t\t\t\t\t\t<div class=\"elementor-row\">\n\t\t\t\t\t<div class=\"elementor-column elementor-col-100 elementor-top-column elementor-element elementor-element-a0e7ff0\" data-id=\"a0e7ff0\" data-element_type=\"column\">\n\t\t\t<div class=\"elementor-column-wrap elementor-element-populated\">\n\t\t\t\t\t\t\t<div class=\"elementor-widget-wrap\">\n\t\t\t\t\t\t<div class=\"elementor-element elementor-element-8cd0b9c elementor-widget elementor-widget-spacer\" data-id=\"8cd0b9c\" data-element_type=\"widget\" data-widget_type=\"spacer.default\">\n\t\t\t\t<div class=\"elementor-widget-container\">\n\t\t\t\t\t<div class=\"elementor-spacer\">\n\t\t\t<div class=\"elementor-spacer-inner\"><\/div>\n\t\t<\/div>\n\t\t\t\t<\/div>\n\t\t\t\t<\/div>\n\t\t\t\t<div class=\"elementor-element elementor-element-3af05a5 elementor-widget elementor-widget-heading\" data-id=\"3af05a5\" data-element_type=\"widget\" data-widget_type=\"heading.default\">\n\t\t\t\t<div class=\"elementor-widget-container\">\n\t\t\t<h2 class=\"elementor-heading-title elementor-size-default\">\u00bfQui\u00e9nes Somos?<\/h2>\t\t<\/div>\n\t\t\t\t<\/div>\n\t\t\t\t\t\t<\/div>\n\t\t\t\t\t<\/div>\n\t\t<\/div>\n\t\t\t\t\t\t\t\t<\/div>\n\t\t\t\t\t<\/div>\n\t\t<\/section>\n\t\t\t\t<section class=\"elementor-section elementor-top-section elementor-element elementor-element-4510879 elementor-section-boxed elementor-section-height-default elementor-section-height-default\" data-id=\"4510879\" data-element_type=\"section\">\n\t\t\t\t\t\t<div class=\"elementor-container elementor-column-gap-default\">\n\t\t\t\t\t\t\t<div class=\"elementor-row\">\n\t\t\t\t\t<div class=\"elementor-column elementor-col-100 elementor-top-column elementor-element elementor-element-699d709\" data-id=\"699d709\" data-element_type=\"column\">\n\t\t\t<div class=\"elementor-column-wrap elementor-element-populated\">\n\t\t\t\t\t\t\t<div class=\"elementor-widget-wrap\">\n\t\t\t\t\t\t<div class=\"elementor-element elementor-element-04b96d0 elementor-widget elementor-widget-image\" data-id=\"04b96d0\" data-element_type=\"widget\" data-widget_type=\"image.default\">\n\t\t\t\t<div class=\"elementor-widget-container\">\n\t\t\t\t\t<div class=\"elementor-image\">\n\t\t\t\t\t\t\t\t\t\t<img width=\"1024\" height=\"190\" src=\"https:\/\/intenalco.edu.co\/portal\/wp-content\/uploads\/2025\/11\/INTENALCO-png-03-1024x190.png\" class=\"attachment-large size-large\" alt=\"\" loading=\"lazy\" srcset=\"https:\/\/intenalco.edu.co\/portal\/wp-content\/uploads\/2025\/11\/INTENALCO-png-03-1024x190.png 1024w, https:\/\/intenalco.edu.co\/portal\/wp-content\/uploads\/2025\/11\/INTENALCO-png-03-300x56.png 300w, https:\/\/intenalco.edu.co\/portal\/wp-content\/uploads\/2025\/11\/INTENALCO-png-03-768x143.png 768w, https:\/\/intenalco.edu.co\/portal\/wp-content\/uploads\/2025\/11\/INTENALCO-png-03-1536x285.png 1536w, https:\/\/intenalco.edu.co\/portal\/wp-content\/uploads\/2025\/11\/INTENALCO-png-03.png 1815w\" sizes=\"(max-width: 1024px) 100vw, 1024px\" \/>\t\t\t\t\t\t\t\t\t\t\t<\/div>\n\t\t\t\t<\/div>\n\t\t\t\t<\/div>\n\t\t\t\t<section class=\"elementor-section elementor-inner-section elementor-element elementor-element-5a2e5ce elementor-section-boxed elementor-section-height-default elementor-section-height-default\" data-id=\"5a2e5ce\" data-element_type=\"section\">\n\t\t\t\t\t\t<div class=\"elementor-container elementor-column-gap-default\">\n\t\t\t\t\t\t\t<div class=\"elementor-row\">\n\t\t\t\t\t<div class=\"elementor-column elementor-col-50 elementor-inner-column elementor-element elementor-element-abf6873\" data-id=\"abf6873\" data-element_type=\"column\">\n\t\t\t<div class=\"elementor-column-wrap elementor-element-populated\">\n\t\t\t\t\t\t\t<div class=\"elementor-widget-wrap\">\n\t\t\t\t\t\t<div class=\"elementor-element elementor-element-acc1d4c elementor-widget elementor-widget-text-editor\" data-id=\"acc1d4c\" data-element_type=\"widget\" data-widget_type=\"text-editor.default\">\n\t\t\t\t<div class=\"elementor-widget-container\">\n\t\t\t\t\t<div class=\"elementor-text-editor elementor-clearfix\"><p>Una Instituci\u00f3n Educativa de car\u00e1cter oficial nacional, T\u00e9cnica Profesional aprobada por el ICFES y el Ministerio de Educaci\u00f3n Nacional (MEN) mediante Resoluci\u00f3n No. 2903 del 17 de Noviembre de 1992.<\/p><p>Orienta su filosof\u00eda al fortalecimiento de los Valores que conducen a la formaci\u00f3n del SER INTEGRAL, que ejerce un liderazgo, compromiso y desarrollo con la Regi\u00f3n del Valle del Cauca.<\/p><p>Intenalco Educaci\u00f3n Superior inicia sus labores educativas el 16 de Noviembre de 1979 con tres (3) programas T\u00e9cnicos Profesionales y hoy ofertamos, cinco (5) T\u00e9cnicos Profesionales, cuatro (4) Tecnolog\u00edas, nueve (9) de Extensi\u00f3n (Programas de Educaci\u00f3n para el Trabajo y el Desarrollo Humano), Adem\u00e1s de contar con convenios a nivel universitario.<\/p><p>Contamos con un proyecto de Ampliaci\u00f3n de Cobertura en la Educaci\u00f3n Superior (PACES) para los estratos 1 y 2 ofreciendo nuestros programas, con el fin de capacitar al talento humano de estos sectores y desarrollar los entornos sociales, culturales, econ\u00f3micos y pol\u00edticos de la Regi\u00f3n y el Pa\u00eds.<\/p><p>Intenalco desde 1979 generando Progreso desde el Sector Educativo, impactando y aportando a nuestra regi\u00f3n.<\/p><\/div>\n\t\t\t\t<\/div>\n\t\t\t\t<\/div>\n\t\t\t\t\t\t<\/div>\n\t\t\t\t\t<\/div>\n\t\t<\/div>\n\t\t\t\t<div class=\"elementor-column elementor-col-50 elementor-inner-column elementor-element elementor-element-fbff7a1\" data-id=\"fbff7a1\" data-element_type=\"column\">\n\t\t\t<div class=\"elementor-column-wrap elementor-element-populated\">\n\t\t\t\t\t\t\t<div class=\"elementor-widget-wrap\">\n\t\t\t\t\t\t<div class=\"elementor-element elementor-element-a24ed67 elementor-widget elementor-widget-image\" data-id=\"a24ed67\" data-element_type=\"widget\" data-widget_type=\"image.default\">\n\t\t\t\t<div class=\"elementor-widget-container\">\n\t\t\t\t\t<div class=\"elementor-image\">\n\t\t\t\t\t\t\t\t\t\t<img width=\"400\" height=\"533\" src=\"https:\/\/intenalco.edu.co\/portal\/wp-content\/uploads\/2020\/12\/Intenalco-Sede.jpg\" class=\"attachment-large size-large\" alt=\"\" loading=\"lazy\" srcset=\"https:\/\/intenalco.edu.co\/portal\/wp-content\/uploads\/2020\/12\/Intenalco-Sede.jpg 400w, https:\/\/intenalco.edu.co\/portal\/wp-content\/uploads\/2020\/12\/Intenalco-Sede-225x300.jpg 225w\" sizes=\"(max-width: 400px) 100vw, 400px\" \/>\t\t\t\t\t\t\t\t\t\t\t<\/div>\n\t\t\t\t<\/div>\n\t\t\t\t<\/div>\n\t\t\t\t\t\t<\/div>\n\t\t\t\t\t<\/div>\n\t\t<\/div>\n\t\t\t\t\t\t\t\t<\/div>\n\t\t\t\t\t<\/div>\n\t\t<\/section>\n\t\t\t\t\t\t<\/div>\n\t\t\t\t\t<\/div>\n\t\t<\/div>\n\t\t\t\t\t\t\t\t<\/div>\n\t\t\t\t\t<\/div>\n\t\t<\/section>\n\t\t\t\t<section class=\"elementor-section elementor-top-section elementor-element elementor-element-0787589 elementor-section-boxed elementor-section-height-default elementor-section-height-default\" data-id=\"0787589\" data-element_type=\"section\">\n\t\t\t\t\t\t<div class=\"elementor-container elementor-column-gap-default\">\n\t\t\t\t\t\t\t<div class=\"elementor-row\">\n\t\t\t\t\t<div class=\"elementor-column elementor-col-100 elementor-top-column elementor-element elementor-element-00042ca\" data-id=\"00042ca\" data-element_type=\"column\">\n\t\t\t<div class=\"elementor-column-wrap elementor-element-populated\">\n\t\t\t\t\t\t\t<div class=\"elementor-widget-wrap\">\n\t\t\t\t\t\t<div class=\"elementor-element elementor-element-6f0522d elementor-widget elementor-widget-html\" data-id=\"6f0522d\" data-element_type=\"widget\" data-widget_type=\"html.default\">\n\t\t\t\t<div class=\"elementor-widget-container\">\n\t\t\t<center><input type=\"button\" value=\"Regresar\" onClick=\"history.go(-1);\"><\/center>\t\t<\/div>\n\t\t\t\t<\/div>\n\t\t\t\t\t\t<\/div>\n\t\t\t\t\t<\/div>\n\t\t<\/div>\n\t\t\t\t\t\t\t\t<\/div>\n\t\t\t\t\t<\/div>\n\t\t<\/section>\n\t\t\t\t\t\t<\/div>\n\t\t\t\t\t\t<\/div>\n\t\t\t\t\t<\/div>\n\t\t ","protected":false},"excerpt":{"rendered":"<p>Inicio &raquo; P\u00e1gina \u00bfQui\u00e9nes Somos? Una Instituci\u00f3n Educativa de car\u00e1cter oficial nacional, T\u00e9cnica Profesional aprobada por el ICFES y el Ministerio de Educaci\u00f3n Nacional (MEN) mediante Resoluci\u00f3n No. 2903 del 17 de Noviembre de 1992. Orienta su filosof\u00eda al fortalecimiento de los Valores que conducen a la formaci\u00f3n del SER INTEGRAL, que ejerce un liderazgo,&#8230;<\/p>\n","protected":false},"author":4,"featured_media":0,"parent":0,"menu_order":0,"comment_status":"closed","ping_status":"closed","template":"","meta":[],"_links":{"self":[{"href":"https:\/\/intenalco.edu.co\/portal\/wp-json\/wp\/v2\/pages\/743"}],"collection":[{"href":"https:\/\/intenalco.edu.co\/portal\/wp-json\/wp\/v2\/pages"}],"about":[{"href":"https:\/\/intenalco.edu.co\/portal\/wp-json\/wp\/v2\/types\/page"}],"author":[{"embeddable":true,"href":"https:\/\/intenalco.edu.co\/portal\/wp-json\/wp\/v2\/users\/4"}],"replies":[{"embeddable":true,"href":"https:\/\/intenalco.edu.co\/portal\/wp-json\/wp\/v2\/comments?post=743"}],"version-history":[{"count":19,"href":"https:\/\/intenalco.edu.co\/portal\/wp-json\/wp\/v2\/pages\/743\/revisions"}],"predecessor-version":[{"id":15053,"href":"https:\/\/intenalco.edu.co\/portal\/wp-json\/wp\/v2\/pages\/743\/revisions\/15053"}],"wp:attachment":[{"href":"https:\/\/intenalco.edu.co\/portal\/wp-json\/wp\/v2\/media?parent=743"}],"curies":[{"name":"wp","href":"https:\/\/api.w.org\/{rel}","templated":true}]}}